{"id":17408,"date":"2020-06-26T15:25:29","date_gmt":"2020-06-26T15:25:29","guid":{"rendered":"https:\/\/andaramonte.pt\/wp\/promenades\/"},"modified":"2021-01-30T18:57:14","modified_gmt":"2021-01-30T18:57:14","slug":"promenades","status":"publish","type":"page","link":"https:\/\/andaramonte.pt\/fr\/promenades\/","title":{"rendered":"Promenades"},"content":{"rendered":"\t\t<div data-elementor-type=\"wp-page\" data-elementor-id=\"17408\" class=\"elementor elementor-17408 elementor-17169\">\n\t\t\t\t\t\t<div class=\"elementor-inner\">\n\t\t\t\t<div class=\"elementor-section-wrap\">\n\t\t\t\t\t\t\t\t\t<section class=\"elementor-section elementor-top-section elementor-element elementor-element-99c033e elementor-section-height-min-height elementor-section-boxed elementor-section-height-default elementor-section-items-middle\" data-id=\"99c033e\" data-element_type=\"section\">\n\t\t\t\t\t\t<div class=\"elementor-container elementor-column-gap-default\">\n\t\t\t\t\t\t\t<div class=\"elementor-row\">\n\t\t\t\t\t<div class=\"elementor-column elementor-col-100 elementor-top-column elementor-element elementor-element-b88eeb3\" data-id=\"b88eeb3\" data-element_type=\"column\">\n\t\t\t<div class=\"elementor-column-wrap elementor-element-populated\">\n\t\t\t\t\t\t\t<div class=\"elementor-widget-wrap\">\n\t\t\t\t\t\t<div class=\"elementor-element elementor-element-78cd20b elementor-widget elementor-widget-heading\" data-id=\"78cd20b\" data-element_type=\"widget\" data-widget_type=\"heading.default\">\n\t\t\t\t<div class=\"elementor-widget-container\">\n\t\t\t<h2 class=\"elementor-heading-title elementor-size-default\">D\u00e9couvrez Evoramonte en se promenant<\/h2>\t\t<\/div>\n\t\t\t\t<\/div>\n\t\t\t\t\t\t<\/div>\n\t\t\t\t\t<\/div>\n\t\t<\/div>\n\t\t\t\t\t\t\t\t<\/div>\n\t\t\t\t\t<\/div>\n\t\t<\/section>\n\t\t\t\t<section class=\"elementor-section elementor-top-section elementor-element elementor-element-9e7d48e elementor-section-stretched elementor-section-full_width elementor-section-height-default elementor-section-height-default\" data-id=\"9e7d48e\" data-element_type=\"section\" id=\"vila\" data-settings=\"{&quot;stretch_section&quot;:&quot;section-stretched&quot;,&quot;background_background&quot;:&quot;classic&quot;}\">\n\t\t\t\t\t\t<div class=\"elementor-container elementor-column-gap-no\">\n\t\t\t\t\t\t\t<div class=\"elementor-row\">\n\t\t\t\t\t<div class=\"elementor-column elementor-col-33 elementor-top-column elementor-element elementor-element-538a772\" data-id=\"538a772\" data-element_type=\"column\">\n\t\t\t<div class=\"elementor-column-wrap\">\n\t\t\t\t\t\t\t<div class=\"elementor-widget-wrap\">\n\t\t\t\t\t\t\t\t<\/div>\n\t\t\t\t\t<\/div>\n\t\t<\/div>\n\t\t\t\t<div class=\"elementor-column elementor-col-66 elementor-top-column elementor-element elementor-element-37895ff\" data-id=\"37895ff\" data-element_type=\"column\" data-settings=\"{&quot;background_background&quot;:&quot;classic&quot;}\">\n\t\t\t<div class=\"elementor-column-wrap elementor-element-populated\">\n\t\t\t\t\t\t\t<div class=\"elementor-widget-wrap\">\n\t\t\t\t\t\t<div class=\"elementor-element elementor-element-abc2500 elementor-widget elementor-widget-heading\" data-id=\"abc2500\" data-element_type=\"widget\" id=\"a-vila\" data-widget_type=\"heading.default\">\n\t\t\t\t<div class=\"elementor-widget-container\">\n\t\t\t<h1 class=\"elementor-heading-title elementor-size-default\">Le village<\/h1>\t\t<\/div>\n\t\t\t\t<\/div>\n\t\t\t\t<div class=\"elementor-element elementor-element-af3f512 elementor-widget elementor-widget-text-editor\" data-id=\"af3f512\" data-element_type=\"widget\" data-widget_type=\"text-editor.default\">\n\t\t\t\t<div class=\"elementor-widget-container\">\n\t\t\t\t\t\t\t\t<div class=\"elementor-text-editor elementor-clearfix\">\n\t\t\t\t<p>Parcours tr\u00e8s accessible au sein des murailles avec la possibilit\u00e9 de quitter l\u2019enceinte du ch\u00e2teau pour observer un ph\u00e9nom\u00e8ne naturel.<br \/>\nSuivez les principaux points d\u2019int\u00e9r\u00eat historique et culturel du village au travers desquels nous vous raconterons l\u2019histoire d\u2019Evoramonte. Cette promenade inclut les visites de la Tour et de la Chapelle de la Mis\u00e9ricorde (absence de marquage).<\/p>\n\t\t\t\t\t<\/div>\n\t\t\t\t\t\t<\/div>\n\t\t\t\t<\/div>\n\t\t\t\t<div class=\"elementor-element elementor-element-ad9d032 elementor-widget elementor-widget-text-editor\" data-id=\"ad9d032\" data-element_type=\"widget\" data-widget_type=\"text-editor.default\">\n\t\t\t\t<div class=\"elementor-widget-container\">\n\t\t\t\t\t\t\t\t<div class=\"elementor-text-editor elementor-clearfix\">\n\t\t\t\t<p><span style=\"font-family: Calibri, serif;\"><span lang=\"pt-PT\">Niveau de difficult\u00e9: <strong>facile<\/strong><\/span><\/span><\/p>\n<p><span style=\"font-family: Calibri, serif;\"><span lang=\"pt-PT\">Dur\u00e9e: <strong>2 heures<\/strong><\/span><\/span><\/p>\n<p><span style=\"font-family: Calibri, serif;\"><span lang=\"pt-PT\">Tarif: <strong>30 \u20ac par personne<\/strong><\/span><\/span><\/p>\n\t\t\t\t\t<\/div>\n\t\t\t\t\t\t<\/div>\n\t\t\t\t<\/div>\n\t\t\t\t\t\t<\/div>\n\t\t\t\t\t<\/div>\n\t\t<\/div>\n\t\t\t\t\t\t\t\t<\/div>\n\t\t\t\t\t<\/div>\n\t\t<\/section>\n\t\t\t\t<section class=\"elementor-section elementor-top-section elementor-element elementor-element-2525a27 elementor-section-stretched elementor-section-full_width elementor-section-height-default elementor-section-height-default\" data-id=\"2525a27\" data-element_type=\"section\" id=\"ermidas\" data-settings=\"{&quot;stretch_section&quot;:&quot;section-stretched&quot;,&quot;background_background&quot;:&quot;classic&quot;}\">\n\t\t\t\t\t\t<div class=\"elementor-container elementor-column-gap-no\">\n\t\t\t\t\t\t\t<div class=\"elementor-row\">\n\t\t\t\t\t<div class=\"elementor-column elementor-col-66 elementor-top-column elementor-element elementor-element-f8a944c\" data-id=\"f8a944c\" data-element_type=\"column\" data-settings=\"{&quot;background_background&quot;:&quot;classic&quot;}\">\n\t\t\t<div class=\"elementor-column-wrap elementor-element-populated\">\n\t\t\t\t\t\t\t<div class=\"elementor-widget-wrap\">\n\t\t\t\t\t\t<div class=\"elementor-element elementor-element-318fc9f elementor-widget elementor-widget-heading\" data-id=\"318fc9f\" data-element_type=\"widget\" data-widget_type=\"heading.default\">\n\t\t\t\t<div class=\"elementor-widget-container\">\n\t\t\t<h1 class=\"elementor-heading-title elementor-size-default\">Chapelles<\/h1>\t\t<\/div>\n\t\t\t\t<\/div>\n\t\t\t\t<div class=\"elementor-element elementor-element-7037f17 elementor-widget elementor-widget-text-editor\" data-id=\"7037f17\" data-element_type=\"widget\" data-widget_type=\"text-editor.default\">\n\t\t\t\t<div class=\"elementor-widget-container\">\n\t\t\t\t\t\t\t\t<div class=\"elementor-text-editor elementor-clearfix\">\n\t\t\t\t<p>Evoramonte est entour\u00e9 d\u2019un grand nombre de chapelles. Nous proposons de vous en montrer quelques unes.<br \/>\nVisitez 5 chapelles aux alentours du ch\u00e2teau\u00a0(Santa Margarida, S\u00e3o Sebasti\u00e3o, Santo Est\u00eav\u00e3o, Santa Rita et San Marcos), et quelques puits qui par le pass\u00e9, ont permis au village d\u2019\u00eatre approvisionn\u00e9 en eau.<br \/>\nEmpruntez les chemins anciens bord\u00e9s d\u2019oliviers s\u00e9culaires dans un cadre champ\u00eatre.<br \/>\nCe parcours comporte un certain degr\u00e9 de difficult\u00e9 en raison des d\u00e9nivel\u00e9s. Cependant, il est possible d\u2019\u00e9viter ces d\u00e9nivel\u00e9s pour les visiteurs \u00e0 mobilit\u00e9 r\u00e9duite.<\/p>\n\t\t\t\t\t<\/div>\n\t\t\t\t\t\t<\/div>\n\t\t\t\t<\/div>\n\t\t\t\t<div class=\"elementor-element elementor-element-ff8b96f elementor-widget elementor-widget-text-editor\" data-id=\"ff8b96f\" data-element_type=\"widget\" data-widget_type=\"text-editor.default\">\n\t\t\t\t<div class=\"elementor-widget-container\">\n\t\t\t\t\t\t\t\t<div class=\"elementor-text-editor elementor-clearfix\">\n\t\t\t\t<p><span style=\"font-family: Calibri, serif;\"><span lang=\"pt-PT\">Niveau de difficult\u00e9: <strong>moyen<\/strong><\/span><\/span><\/p>\n<p><span style=\"font-family: Calibri, serif;\"><span lang=\"pt-PT\">Dur\u00e9e: <strong>3 heures<\/strong><\/span><\/span><\/p>\n<p><span style=\"font-family: Calibri, serif;\"><span lang=\"pt-PT\">Tarif: <strong>35 \u20ac par personne<\/strong><\/span><\/span><\/p>\n\t\t\t\t\t<\/div>\n\t\t\t\t\t\t<\/div>\n\t\t\t\t<\/div>\n\t\t\t\t\t\t<\/div>\n\t\t\t\t\t<\/div>\n\t\t<\/div>\n\t\t\t\t<div class=\"elementor-column elementor-col-33 elementor-top-column elementor-element elementor-element-affb2b7\" data-id=\"affb2b7\" data-element_type=\"column\">\n\t\t\t<div class=\"elementor-column-wrap\">\n\t\t\t\t\t\t\t<div class=\"elementor-widget-wrap\">\n\t\t\t\t\t\t\t\t<\/div>\n\t\t\t\t\t<\/div>\n\t\t<\/div>\n\t\t\t\t\t\t\t\t<\/div>\n\t\t\t\t\t<\/div>\n\t\t<\/section>\n\t\t\t\t<section class=\"elementor-section elementor-top-section elementor-element elementor-element-0c82d52 elementor-section-stretched elementor-section-full_width elementor-section-height-default elementor-section-height-default\" data-id=\"0c82d52\" data-element_type=\"section\" id=\"castelo\" data-settings=\"{&quot;stretch_section&quot;:&quot;section-stretched&quot;,&quot;background_background&quot;:&quot;classic&quot;}\">\n\t\t\t\t\t\t<div class=\"elementor-container elementor-column-gap-no\">\n\t\t\t\t\t\t\t<div class=\"elementor-row\">\n\t\t\t\t\t<div class=\"elementor-column elementor-col-33 elementor-top-column elementor-element elementor-element-b0851ea\" data-id=\"b0851ea\" data-element_type=\"column\">\n\t\t\t<div class=\"elementor-column-wrap\">\n\t\t\t\t\t\t\t<div class=\"elementor-widget-wrap\">\n\t\t\t\t\t\t\t\t<\/div>\n\t\t\t\t\t<\/div>\n\t\t<\/div>\n\t\t\t\t<div class=\"elementor-column elementor-col-66 elementor-top-column elementor-element elementor-element-c8d5a4f\" data-id=\"c8d5a4f\" data-element_type=\"column\" data-settings=\"{&quot;background_background&quot;:&quot;classic&quot;}\">\n\t\t\t<div class=\"elementor-column-wrap elementor-element-populated\">\n\t\t\t\t\t\t\t<div class=\"elementor-widget-wrap\">\n\t\t\t\t\t\t<div class=\"elementor-element elementor-element-e5ed885 elementor-widget elementor-widget-heading\" data-id=\"e5ed885\" data-element_type=\"widget\" data-widget_type=\"heading.default\">\n\t\t\t\t<div class=\"elementor-widget-container\">\n\t\t\t<h1 class=\"elementor-heading-title elementor-size-default\">Autour du ch\u00e2teau<\/h1>\t\t<\/div>\n\t\t\t\t<\/div>\n\t\t\t\t<div class=\"elementor-element elementor-element-2a19620 elementor-widget elementor-widget-text-editor\" data-id=\"2a19620\" data-element_type=\"widget\" data-widget_type=\"text-editor.default\">\n\t\t\t\t<div class=\"elementor-widget-container\">\n\t\t\t\t\t\t\t\t<div class=\"elementor-text-editor elementor-clearfix\">\n\t\t\t\t<p>Lors de cet itin\u00e9raire de difficult\u00e9 moyenne, parcourez les sentiers qui m\u00e8nent \u00e0 des puits et des fontaines autour du ch\u00e2teau. Ces points d\u2019eau ont permis de ravitailler la population en eau.<br \/>\nIci vous marcherez le long des murs de pierre, sur des chemins et des sentiers, \u00e0 la d\u00e9couverte de l\u00e9gendes et de paysages \u00e0 couper le souffle.<\/p>\n\t\t\t\t\t<\/div>\n\t\t\t\t\t\t<\/div>\n\t\t\t\t<\/div>\n\t\t\t\t<div class=\"elementor-element elementor-element-fe5c745 elementor-widget elementor-widget-text-editor\" data-id=\"fe5c745\" data-element_type=\"widget\" data-widget_type=\"text-editor.default\">\n\t\t\t\t<div class=\"elementor-widget-container\">\n\t\t\t\t\t\t\t\t<div class=\"elementor-text-editor elementor-clearfix\">\n\t\t\t\t<p><span style=\"font-family: Calibri, serif;\"><span lang=\"pt-PT\">Niveau de difficult\u00e9: <strong>moyen<\/strong><\/span><\/span><\/p>\n<p><span style=\"font-family: Calibri, serif;\"><span lang=\"pt-PT\">Dur\u00e9e: <strong>3 heures<\/strong><\/span><\/span><\/p>\n<p><span style=\"font-family: Calibri, serif;\"><span lang=\"pt-PT\">Tarif: <strong>35 \u20ac par personne<\/strong><\/span><\/span><\/p>\n\t\t\t\t\t<\/div>\n\t\t\t\t\t\t<\/div>\n\t\t\t\t<\/div>\n\t\t\t\t\t\t<\/div>\n\t\t\t\t\t<\/div>\n\t\t<\/div>\n\t\t\t\t\t\t\t\t<\/div>\n\t\t\t\t\t<\/div>\n\t\t<\/section>\n\t\t\t\t<section class=\"elementor-section elementor-top-section elementor-element elementor-element-65b94cb elementor-section-stretched elementor-section-full_width elementor-section-height-default elementor-section-height-default\" data-id=\"65b94cb\" data-element_type=\"section\" id=\"montado\" data-settings=\"{&quot;stretch_section&quot;:&quot;section-stretched&quot;,&quot;background_background&quot;:&quot;classic&quot;}\">\n\t\t\t\t\t\t<div class=\"elementor-container elementor-column-gap-no\">\n\t\t\t\t\t\t\t<div class=\"elementor-row\">\n\t\t\t\t\t<div class=\"elementor-column elementor-col-66 elementor-top-column elementor-element elementor-element-8b69b13\" data-id=\"8b69b13\" data-element_type=\"column\" data-settings=\"{&quot;background_background&quot;:&quot;classic&quot;}\">\n\t\t\t<div class=\"elementor-column-wrap elementor-element-populated\">\n\t\t\t\t\t\t\t<div class=\"elementor-widget-wrap\">\n\t\t\t\t\t\t<div class=\"elementor-element elementor-element-18f365e elementor-widget elementor-widget-heading\" data-id=\"18f365e\" data-element_type=\"widget\" data-widget_type=\"heading.default\">\n\t\t\t\t<div class=\"elementor-widget-container\">\n\t\t\t<h1 class=\"elementor-heading-title elementor-size-default\">A la d\u00e9couverte de l\u2019\u00e9cosyst\u00e8me de l\u2019Alentejo<\/h1>\t\t<\/div>\n\t\t\t\t<\/div>\n\t\t\t\t<div class=\"elementor-element elementor-element-d6d6d08 elementor-widget elementor-widget-text-editor\" data-id=\"d6d6d08\" data-element_type=\"widget\" data-widget_type=\"text-editor.default\">\n\t\t\t\t<div class=\"elementor-widget-container\">\n\t\t\t\t\t\t\t\t<div class=\"elementor-text-editor elementor-clearfix\">\n\t\t\t\t<p>Cette promenade sera l\u2019occasion pour les visiteurs de faire connaissance avec la richesse et la biodiversit\u00e9 de l\u2019\u00e9cosyst\u00e8me de la r\u00e9gion. C\u2019est un itin\u00e9raire de difficult\u00e9 moyenne avec des chemins traversant des propri\u00e9t\u00e9s sur lesquelles vous pourrez observer de beaux sp\u00e9cimens de ch\u00eanes-li\u00e8ges, de ch\u00eanes verts, et autres esp\u00e8ces propres \u00e0 cet \u00e9cosyst\u00e8me.<\/p>\n\t\t\t\t\t<\/div>\n\t\t\t\t\t\t<\/div>\n\t\t\t\t<\/div>\n\t\t\t\t<div class=\"elementor-element elementor-element-1be4bd5 elementor-widget elementor-widget-text-editor\" data-id=\"1be4bd5\" data-element_type=\"widget\" data-widget_type=\"text-editor.default\">\n\t\t\t\t<div class=\"elementor-widget-container\">\n\t\t\t\t\t\t\t\t<div class=\"elementor-text-editor elementor-clearfix\">\n\t\t\t\t<p><span style=\"font-family: Calibri, serif;\"><span lang=\"pt-PT\">Niveau de difficult\u00e9: <strong>moyen<\/strong><\/span><\/span><\/p>\n<p><span style=\"font-family: Calibri, serif;\"><span lang=\"pt-PT\">Dur\u00e9e: <strong>3 heures<\/strong><\/span><\/span><\/p>\n<p><span style=\"font-family: Calibri, serif;\"><span lang=\"pt-PT\">Tarif: <strong>35 \u20ac par personne<\/strong><\/span><\/span><\/p>\n\t\t\t\t\t<\/div>\n\t\t\t\t\t\t<\/div>\n\t\t\t\t<\/div>\n\t\t\t\t\t\t<\/div>\n\t\t\t\t\t<\/div>\n\t\t<\/div>\n\t\t\t\t<div class=\"elementor-column elementor-col-33 elementor-top-column elementor-element elementor-element-a73db19\" data-id=\"a73db19\" data-element_type=\"column\">\n\t\t\t<div class=\"elementor-column-wrap\">\n\t\t\t\t\t\t\t<div class=\"elementor-widget-wrap\">\n\t\t\t\t\t\t\t\t<\/div>\n\t\t\t\t\t<\/div>\n\t\t<\/div>\n\t\t\t\t\t\t\t\t<\/div>\n\t\t\t\t\t<\/div>\n\t\t<\/section>\n\t\t\t\t<section class=\"elementor-section elementor-top-section elementor-element elementor-element-7d72c2a elementor-section-full_width elementor-section-height-default elementor-section-height-default\" data-id=\"7d72c2a\" data-element_type=\"section\">\n\t\t\t\t\t\t<div class=\"elementor-container elementor-column-gap-default\">\n\t\t\t\t\t\t\t<div class=\"elementor-row\">\n\t\t\t\t\t<div class=\"elementor-column elementor-col-100 elementor-top-column elementor-element elementor-element-54a5bc5\" data-id=\"54a5bc5\" data-element_type=\"column\">\n\t\t\t<div class=\"elementor-column-wrap\">\n\t\t\t\t\t\t\t<div class=\"elementor-widget-wrap\">\n\t\t\t\t\t\t\t\t<\/div>\n\t\t\t\t\t<\/div>\n\t\t<\/div>\n\t\t\t\t\t\t\t\t<\/div>\n\t\t\t\t\t<\/div>\n\t\t<\/section>\n\t\t\t\t\t\t\t\t\t<\/div>\n\t\t\t<\/div>\n\t\t\t\t\t<\/div>\n\t\t","protected":false},"excerpt":{"rendered":"<p>D\u00e9couvrez Evoramonte en se promenant Le village Parcours tr\u00e8s accessible au sein des murailles avec la possibilit\u00e9 de quitter l\u2019enceinte du ch\u00e2teau pour observer un ph\u00e9nom\u00e8ne naturel. Suivez les principaux points d\u2019int\u00e9r\u00eat historique et culturel du village au travers desquels nous vous raconterons l\u2019histoire d\u2019Evoramonte. Cette promenade inclut les visites de la Tour et de &#8230; <a title=\"Promenades\" class=\"read-more\" href=\"https:\/\/andaramonte.pt\/fr\/promenades\/\" aria-label=\"En savoir plus sur Promenades\">Lire la suite<\/a><\/p>\n","protected":false},"author":1,"featured_media":0,"parent":0,"menu_order":0,"comment_status":"closed","ping_status":"closed","template":"elementor_header_footer","meta":{"footnotes":""},"_links":{"self":[{"href":"https:\/\/andaramonte.pt\/fr\/wp-json\/wp\/v2\/pages\/17408"}],"collection":[{"href":"https:\/\/andaramonte.pt\/fr\/wp-json\/wp\/v2\/pages"}],"about":[{"href":"https:\/\/andaramonte.pt\/fr\/wp-json\/wp\/v2\/types\/page"}],"author":[{"embeddable":true,"href":"https:\/\/andaramonte.pt\/fr\/wp-json\/wp\/v2\/users\/1"}],"replies":[{"embeddable":true,"href":"https:\/\/andaramonte.pt\/fr\/wp-json\/wp\/v2\/comments?post=17408"}],"version-history":[{"count":36,"href":"https:\/\/andaramonte.pt\/fr\/wp-json\/wp\/v2\/pages\/17408\/revisions"}],"predecessor-version":[{"id":18512,"href":"https:\/\/andaramonte.pt\/fr\/wp-json\/wp\/v2\/pages\/17408\/revisions\/18512"}],"wp:attachment":[{"href":"https:\/\/andaramonte.pt\/fr\/wp-json\/wp\/v2\/media?parent=17408"}],"curies":[{"name":"wp","href":"https:\/\/api.w.org\/{rel}","templated":true}]}}