{"id":17398,"date":"2020-06-26T13:18:23","date_gmt":"2020-06-26T13:18:23","guid":{"rendered":"https:\/\/andaramonte.pt\/wp\/home-fr\/"},"modified":"2021-03-17T18:56:59","modified_gmt":"2021-03-17T18:56:59","slug":"home-fr","status":"publish","type":"page","link":"https:\/\/andaramonte.pt\/fr\/","title":{"rendered":"HOME FR"},"content":{"rendered":"\t\t<div data-elementor-type=\"wp-page\" data-elementor-id=\"17398\" class=\"elementor elementor-17398 elementor-17121\">\n\t\t\t\t\t\t<div class=\"elementor-inner\">\n\t\t\t\t<div class=\"elementor-section-wrap\">\n\t\t\t\t\t\t\t\t\t<section class=\"elementor-section elementor-top-section elementor-element elementor-element-25b8094 elementor-section-full_width elementor-section-height-default elementor-section-height-default\" data-id=\"25b8094\" data-element_type=\"section\">\n\t\t\t\t\t\t<div class=\"elementor-container elementor-column-gap-no\">\n\t\t\t\t\t\t\t<div class=\"elementor-row\">\n\t\t\t\t\t<div class=\"elementor-column elementor-col-100 elementor-top-column elementor-element elementor-element-a7a64c1\" data-id=\"a7a64c1\" data-element_type=\"column\" data-settings=\"{&quot;background_background&quot;:&quot;classic&quot;}\">\n\t\t\t<div class=\"elementor-column-wrap\">\n\t\t\t\t\t\t\t<div class=\"elementor-widget-wrap\">\n\t\t\t\t\t\t\t\t<\/div>\n\t\t\t\t\t<\/div>\n\t\t<\/div>\n\t\t\t\t\t\t\t\t<\/div>\n\t\t\t\t\t<\/div>\n\t\t<\/section>\n\t\t\t\t<section class=\"elementor-section elementor-top-section elementor-element elementor-element-791638a elementor-section-content-top elementor-section-boxed elementor-section-height-default elementor-section-height-default\" data-id=\"791638a\" data-element_type=\"section\" data-settings=\"{&quot;background_background&quot;:&quot;classic&quot;}\">\n\t\t\t\t\t\t<div class=\"elementor-container elementor-column-gap-narrow\">\n\t\t\t\t\t\t\t<div class=\"elementor-row\">\n\t\t\t\t\t<div class=\"elementor-column elementor-col-100 elementor-top-column elementor-element elementor-element-15c247c\" data-id=\"15c247c\" data-element_type=\"column\">\n\t\t\t<div class=\"elementor-column-wrap elementor-element-populated\">\n\t\t\t\t\t\t\t<div class=\"elementor-widget-wrap\">\n\t\t\t\t\t\t<div class=\"elementor-element elementor-element-1d7774c elementor-widget elementor-widget-heading\" data-id=\"1d7774c\" data-element_type=\"widget\" data-widget_type=\"heading.default\">\n\t\t\t\t<div class=\"elementor-widget-container\">\n\t\t\t<h2 class=\"elementor-heading-title elementor-size-default\">Andar a Monte<\/h2>\t\t<\/div>\n\t\t\t\t<\/div>\n\t\t\t\t\t\t<\/div>\n\t\t\t\t\t<\/div>\n\t\t<\/div>\n\t\t\t\t\t\t\t\t<\/div>\n\t\t\t\t\t<\/div>\n\t\t<\/section>\n\t\t\t\t<section class=\"elementor-section elementor-top-section elementor-element elementor-element-3b1b77d elementor-section-boxed elementor-section-height-default elementor-section-height-default\" data-id=\"3b1b77d\" data-element_type=\"section\" data-settings=\"{&quot;background_background&quot;:&quot;classic&quot;}\">\n\t\t\t\t\t\t<div class=\"elementor-container elementor-column-gap-default\">\n\t\t\t\t\t\t\t<div class=\"elementor-row\">\n\t\t\t\t\t<div class=\"elementor-column elementor-col-100 elementor-top-column elementor-element elementor-element-aff0199\" data-id=\"aff0199\" data-element_type=\"column\">\n\t\t\t<div class=\"elementor-column-wrap elementor-element-populated\">\n\t\t\t\t\t\t\t<div class=\"elementor-widget-wrap\">\n\t\t\t\t\t\t<div class=\"elementor-element elementor-element-d0a4808 elementor-widget elementor-widget-text-editor\" data-id=\"d0a4808\" data-element_type=\"widget\" data-widget_type=\"text-editor.default\">\n\t\t\t\t<div class=\"elementor-widget-container\">\n\t\t\t\t\t\t\t\t<div class=\"elementor-text-editor elementor-clearfix\">\n\t\t\t\t<p>Andar A Monte est une entreprise familiale n\u00e9e du d\u00e9sir et de la volont\u00e9 de faire conna\u00eetre le riche patrimoine Evoramontense. Nous sommes m\u00e8re et fille, Helena et Matilde, et nous avons d\u00e9marr\u00e9 notre activit\u00e9 en juillet 2018. Nous associons \u00e0 la fois notre attachement \u00e0 cette r\u00e9gion, ses habitants et leurs coutumes, et notre pratique des langues \u00e9trang\u00e8res, telles que l\u2019allemand, l\u2019anglais et le fran\u00e7ais. Ainsi, nous nous proposons de vous guider \u00e0 travers les sentiers champ\u00eatres de notre commune en vous racontant des histoires et l\u00e9gendes de maures enchant\u00e9es, de serpents gardiens de tr\u00e9sors, et de portails vers l\u2019autre Monde.<br \/>\nEvoramonte est situ\u00e9 \u00e0 l\u2019extr\u00e9mit\u00e9 ouest de la Serra d\u2019Ossa, dans le centre de l\u2019Alentejo. En raison de sa position strat\u00e9gique, le village a jou\u00e9 un r\u00f4le majeur dans la construction et l\u2019histoire du Portugal. Il existe encore des vestiges datant de l\u2019Antiquit\u00e9 qui t\u00e9moignent de l\u2019influence de ce lieu. Aujourd\u2019hui, c\u2019est un village tr\u00e8s agr\u00e9able, rempli d\u2019histoire et qui jouit d\u2019une faune et d\u2019une flore magnifiques.<\/p>\n\t\t\t\t\t<\/div>\n\t\t\t\t\t\t<\/div>\n\t\t\t\t<\/div>\n\t\t\t\t\t\t<\/div>\n\t\t\t\t\t<\/div>\n\t\t<\/div>\n\t\t\t\t\t\t\t\t<\/div>\n\t\t\t\t\t<\/div>\n\t\t<\/section>\n\t\t\t\t<section class=\"elementor-section elementor-top-section elementor-element elementor-element-e842a69 elementor-section-boxed elementor-section-height-default elementor-section-height-default\" data-id=\"e842a69\" data-element_type=\"section\">\n\t\t\t\t\t\t<div class=\"elementor-container elementor-column-gap-no\">\n\t\t\t\t\t\t\t<div class=\"elementor-row\">\n\t\t\t\t\t<div class=\"elementor-column elementor-col-33 elementor-top-column elementor-element elementor-element-239480c\" data-id=\"239480c\" data-element_type=\"column\">\n\t\t\t<div class=\"elementor-column-wrap elementor-element-populated\">\n\t\t\t\t\t\t\t<div class=\"elementor-widget-wrap\">\n\t\t\t\t\t\t<div class=\"elementor-element elementor-element-2731c84 elementor-widget elementor-widget-heading\" data-id=\"2731c84\" data-element_type=\"widget\" data-widget_type=\"heading.default\">\n\t\t\t\t<div class=\"elementor-widget-container\">\n\t\t\t<h4 class=\"elementor-heading-title elementor-size-default\">Promenades p\u00e9destres <\/h4>\t\t<\/div>\n\t\t\t\t<\/div>\n\t\t\t\t<div class=\"elementor-element elementor-element-9da6944 elementor-widget elementor-widget-heading\" data-id=\"9da6944\" data-element_type=\"widget\" data-widget_type=\"heading.default\">\n\t\t\t\t<div class=\"elementor-widget-container\">\n\t\t\t<h3 class=\"elementor-heading-title elementor-size-default\">(en compagnie d\u2019un guide local)<\/h3>\t\t<\/div>\n\t\t\t\t<\/div>\n\t\t\t\t<div class=\"elementor-element elementor-element-3264d31 elementor-widget elementor-widget-text-editor\" data-id=\"3264d31\" data-element_type=\"widget\" data-widget_type=\"text-editor.default\">\n\t\t\t\t<div class=\"elementor-widget-container\">\n\t\t\t\t\t\t\t\t<div class=\"elementor-text-editor elementor-clearfix\">\n\t\t\t\t<p>Aujourd\u2019hui, nous disposons de quatre itin\u00e9raires relativement accessibles\u00a0: le premier dans les murailles et les trois autres dans les environs du ch\u00e2teau d\u2019Evoramonte. Notre ambition est de vous faire d\u00e9couvrir la richesse de notre patrimoine r\u00e9gional.<br \/>\nSelon la p\u00e9riode de l\u2019ann\u00e9e et\/ou l\u2019int\u00e9r\u00eat des visiteurs, nous choisirons de nous concentrer sur diff\u00e9rents secteurs de notre patrimoine. En effet sur un m\u00eame parcours, Andar a Monte pourra accorder davantage d\u2019attention aux oliviers si c\u2019est la saison de la r\u00e9colte de l\u2019olive. Ou encore, s\u2019int\u00e9resser \u00e0 une t\u00e2che li\u00e9e \u00e0 l\u2019exploitation agricole, foresti\u00e8re, au p\u00e2turage, ou au syst\u00e8me d\u2019approvisionnement en eau du village. Nous veillerons aussi \u00e0 t\u00e9moigner des traditions locales.<\/p>\n<p>Andar a Monte laissera le choix \u00e0 ses visiteurs d\u2019articuler les parcours entre eux, afin de leur offrir la plus belle exp\u00e9rience qui est celle de se promener dans ce qui fut, nagu\u00e8re, une des plus importantes communes de l\u2019Alentejo du centre. Commune qui se distingue encore aujourd\u2019hui par sa beaut\u00e9 et la splendeur de ses paysages, son patrimoine culturel, architectural, etc\u2026<\/p>\n\t\t\t\t\t<\/div>\n\t\t\t\t\t\t<\/div>\n\t\t\t\t<\/div>\n\t\t\t\t\t\t<\/div>\n\t\t\t\t\t<\/div>\n\t\t<\/div>\n\t\t\t\t<div class=\"elementor-column elementor-col-33 elementor-top-column elementor-element elementor-element-f9b5a8f\" data-id=\"f9b5a8f\" data-element_type=\"column\">\n\t\t\t<div class=\"elementor-column-wrap\">\n\t\t\t\t\t\t\t<div class=\"elementor-widget-wrap\">\n\t\t\t\t\t\t\t\t<\/div>\n\t\t\t\t\t<\/div>\n\t\t<\/div>\n\t\t\t\t<div class=\"elementor-column elementor-col-33 elementor-top-column elementor-element elementor-element-cd893c9\" data-id=\"cd893c9\" data-element_type=\"column\">\n\t\t\t<div class=\"elementor-column-wrap\">\n\t\t\t\t\t\t\t<div class=\"elementor-widget-wrap\">\n\t\t\t\t\t\t\t\t<\/div>\n\t\t\t\t\t<\/div>\n\t\t<\/div>\n\t\t\t\t\t\t\t\t<\/div>\n\t\t\t\t\t<\/div>\n\t\t<\/section>\n\t\t\t\t<section class=\"elementor-section elementor-top-section elementor-element elementor-element-582d429 elementor-section-boxed elementor-section-height-default elementor-section-height-default\" data-id=\"582d429\" data-element_type=\"section\" data-settings=\"{&quot;background_background&quot;:&quot;classic&quot;}\">\n\t\t\t\t\t\t\t<div class=\"elementor-background-overlay\"><\/div>\n\t\t\t\t\t\t\t<div class=\"elementor-container elementor-column-gap-default\">\n\t\t\t\t\t\t\t<div class=\"elementor-row\">\n\t\t\t\t\t<div class=\"elementor-column elementor-col-50 elementor-top-column elementor-element elementor-element-3f07c9c\" data-id=\"3f07c9c\" data-element_type=\"column\">\n\t\t\t<div class=\"elementor-column-wrap elementor-element-populated\">\n\t\t\t\t\t\t\t<div class=\"elementor-widget-wrap\">\n\t\t\t\t\t\t<div class=\"elementor-element elementor-element-c5f8dba elementor-widget elementor-widget-heading\" data-id=\"c5f8dba\" data-element_type=\"widget\" data-widget_type=\"heading.default\">\n\t\t\t\t<div class=\"elementor-widget-container\">\n\t\t\t<h2 class=\"elementor-heading-title elementor-size-default\">Suivez-nous sur Instagram<\/h2>\t\t<\/div>\n\t\t\t\t<\/div>\n\t\t\t\t\t\t<\/div>\n\t\t\t\t\t<\/div>\n\t\t<\/div>\n\t\t\t\t<div class=\"elementor-column elementor-col-50 elementor-top-column elementor-element elementor-element-351b10c\" data-id=\"351b10c\" data-element_type=\"column\">\n\t\t\t<div class=\"elementor-column-wrap elementor-element-populated\">\n\t\t\t\t\t\t\t<div class=\"elementor-widget-wrap\">\n\t\t\t\t\t\t<div class=\"elementor-element elementor-element-ed5aa14 elementor-widget elementor-widget-wp-widget-sli-feed\" data-id=\"ed5aa14\" data-element_type=\"widget\" data-widget_type=\"wp-widget-sli-feed.default\">\n\t\t\t\t<div class=\"elementor-widget-container\">\n\t\t\t<h5><\/h5>\t\t<\/div>\n\t\t\t\t<\/div>\n\t\t\t\t\t\t<\/div>\n\t\t\t\t\t<\/div>\n\t\t<\/div>\n\t\t\t\t\t\t\t\t<\/div>\n\t\t\t\t\t<\/div>\n\t\t<\/section>\n\t\t\t\t<section class=\"elementor-section elementor-top-section elementor-element elementor-element-16ee7f41 elementor-section-content-middle elementor-section-boxed elementor-section-height-default elementor-section-height-default\" data-id=\"16ee7f41\" data-element_type=\"section\" data-settings=\"{&quot;background_background&quot;:&quot;classic&quot;}\">\n\t\t\t\t\t\t<div class=\"elementor-container elementor-column-gap-no\">\n\t\t\t\t\t\t\t<div class=\"elementor-row\">\n\t\t\t\t\t<div class=\"elementor-column elementor-col-100 elementor-top-column elementor-element elementor-element-54065860\" data-id=\"54065860\" data-element_type=\"column\">\n\t\t\t<div class=\"elementor-column-wrap elementor-element-populated\">\n\t\t\t\t\t\t\t<div class=\"elementor-widget-wrap\">\n\t\t\t\t\t\t<div class=\"elementor-element elementor-element-79baeee1 elementor-widget elementor-widget-heading\" data-id=\"79baeee1\" data-element_type=\"widget\" data-widget_type=\"heading.default\">\n\t\t\t\t<div class=\"elementor-widget-container\">\n\t\t\t<h4 class=\"elementor-heading-title elementor-size-default\">\u00c9crivez-nous<\/h4>\t\t<\/div>\n\t\t\t\t<\/div>\n\t\t\t\t<section class=\"elementor-section elementor-inner-section elementor-element elementor-element-5e2bddfd elementor-section-content-middle elementor-section-boxed elementor-section-height-default elementor-section-height-default\" data-id=\"5e2bddfd\" data-element_type=\"section\">\n\t\t\t\t\t\t<div class=\"elementor-container elementor-column-gap-no\">\n\t\t\t\t\t\t\t<div class=\"elementor-row\">\n\t\t\t\t\t<div class=\"elementor-column elementor-col-50 elementor-inner-column elementor-element elementor-element-451a171b\" data-id=\"451a171b\" data-element_type=\"column\">\n\t\t\t<div class=\"elementor-column-wrap elementor-element-populated\">\n\t\t\t\t\t\t\t<div class=\"elementor-widget-wrap\">\n\t\t\t\t\t\t<div class=\"elementor-element elementor-element-50ee5bae elementor-widget elementor-widget-heading\" data-id=\"50ee5bae\" data-element_type=\"widget\" data-widget_type=\"heading.default\">\n\t\t\t\t<div class=\"elementor-widget-container\">\n\t\t\t<h4 class=\"elementor-heading-title elementor-size-default\">Tel: +351 968 756 310 \/ 967 916 857<\/h4>\t\t<\/div>\n\t\t\t\t<\/div>\n\t\t\t\t<div class=\"elementor-element elementor-element-268cc3b0 elementor-widget elementor-widget-heading\" data-id=\"268cc3b0\" data-element_type=\"widget\" data-widget_type=\"heading.default\">\n\t\t\t\t<div class=\"elementor-widget-container\">\n\t\t\t<h4 class=\"elementor-heading-title elementor-size-default\">Email: geral@andaramonte.pt<\/h4>\t\t<\/div>\n\t\t\t\t<\/div>\n\t\t\t\t<div class=\"elementor-element elementor-element-48c82f80 elementor-widget elementor-widget-heading\" data-id=\"48c82f80\" data-element_type=\"widget\" data-widget_type=\"heading.default\">\n\t\t\t\t<div class=\"elementor-widget-container\">\n\t\t\t<h4 class=\"elementor-heading-title elementor-size-default\"><p>Rua de Santa Maria, 21<\/p><p>7100-314 EVORAMONTE<\/p><p>PORTUGAL<\/p><\/h4>\t\t<\/div>\n\t\t\t\t<\/div>\n\t\t\t\t<div class=\"elementor-element elementor-element-66a3bc8a elementor-widget elementor-widget-heading\" data-id=\"66a3bc8a\" data-element_type=\"widget\" data-widget_type=\"heading.default\">\n\t\t\t\t<div class=\"elementor-widget-container\">\n\t\t\t<h6 class=\"elementor-heading-title elementor-size-default\">HORAIRES D'OUVERTURES:<\/h6>\t\t<\/div>\n\t\t\t\t<\/div>\n\t\t\t\t<div class=\"elementor-element elementor-element-2d083b06 e-grid-align-left e-grid-align-mobile-center elementor-shape-rounded elementor-grid-0 elementor-widget elementor-widget-social-icons\" data-id=\"2d083b06\" data-element_type=\"widget\" data-widget_type=\"social-icons.default\">\n\t\t\t\t<div class=\"elementor-widget-container\">\n\t\t\t\t\t<div class=\"elementor-social-icons-wrapper elementor-grid\">\n\t\t\t\t\t\t\t<span class=\"elementor-grid-item\">\n\t\t\t\t\t<a class=\"elementor-icon elementor-social-icon elementor-social-icon-facebook-f elementor-animation-grow elementor-repeater-item-2d0da0c\" href=\"https:\/\/www.facebook.com\/andaramonte.em\/\" target=\"_blank\">\n\t\t\t\t\t\t<span class=\"elementor-screen-only\">Facebook-f<\/span>\n\t\t\t\t\t\t<i class=\"fab fa-facebook-f\"><\/i>\t\t\t\t\t<\/a>\n\t\t\t\t<\/span>\n\t\t\t\t\t\t\t<span class=\"elementor-grid-item\">\n\t\t\t\t\t<a class=\"elementor-icon elementor-social-icon elementor-social-icon-instagram elementor-animation-grow elementor-repeater-item-13095ac\" href=\"https:\/\/www.instagram.com\/andaramonte\/\" target=\"_blank\">\n\t\t\t\t\t\t<span class=\"elementor-screen-only\">Instagram<\/span>\n\t\t\t\t\t\t<i class=\"fab fa-instagram\"><\/i>\t\t\t\t\t<\/a>\n\t\t\t\t<\/span>\n\t\t\t\t\t<\/div>\n\t\t\t\t<\/div>\n\t\t\t\t<\/div>\n\t\t\t\t\t\t<\/div>\n\t\t\t\t\t<\/div>\n\t\t<\/div>\n\t\t\t\t<div class=\"elementor-column elementor-col-50 elementor-inner-column elementor-element elementor-element-4ee07d3e\" data-id=\"4ee07d3e\" data-element_type=\"column\">\n\t\t\t<div class=\"elementor-column-wrap\">\n\t\t\t\t\t\t\t<div class=\"elementor-widget-wrap\">\n\t\t\t\t\t\t\t\t<\/div>\n\t\t\t\t\t<\/div>\n\t\t<\/div>\n\t\t\t\t\t\t\t\t<\/div>\n\t\t\t\t\t<\/div>\n\t\t<\/section>\n\t\t\t\t\t\t<\/div>\n\t\t\t\t\t<\/div>\n\t\t<\/div>\n\t\t\t\t\t\t\t\t<\/div>\n\t\t\t\t\t<\/div>\n\t\t<\/section>\n\t\t\t\t<section class=\"elementor-section elementor-top-section elementor-element elementor-element-f30234e elementor-section-boxed elementor-section-height-default elementor-section-height-default\" data-id=\"f30234e\" data-element_type=\"section\" data-settings=\"{&quot;background_background&quot;:&quot;classic&quot;}\">\n\t\t\t\t\t\t<div class=\"elementor-container elementor-column-gap-default\">\n\t\t\t\t\t\t\t<div class=\"elementor-row\">\n\t\t\t\t\t<div class=\"elementor-column elementor-col-100 elementor-top-column elementor-element elementor-element-521eb29\" data-id=\"521eb29\" data-element_type=\"column\">\n\t\t\t<div class=\"elementor-column-wrap\">\n\t\t\t\t\t\t\t<div class=\"elementor-widget-wrap\">\n\t\t\t\t\t\t\t\t<\/div>\n\t\t\t\t\t<\/div>\n\t\t<\/div>\n\t\t\t\t\t\t\t\t<\/div>\n\t\t\t\t\t<\/div>\n\t\t<\/section>\n\t\t\t\t\t\t\t\t\t<\/div>\n\t\t\t<\/div>\n\t\t\t\t\t<\/div>\n\t\t","protected":false},"excerpt":{"rendered":"<p>Anterior Next Andar a Monte Andar A Monte est une entreprise familiale n\u00e9e du d\u00e9sir et de la volont\u00e9 de faire conna\u00eetre le riche patrimoine Evoramontense. Nous sommes m\u00e8re et fille, Helena et Matilde, et nous avons d\u00e9marr\u00e9 notre activit\u00e9 en juillet 2018. Nous associons \u00e0 la fois notre attachement \u00e0 cette r\u00e9gion, ses habitants &#8230; <a title=\"HOME FR\" class=\"read-more\" href=\"https:\/\/andaramonte.pt\/fr\/\" aria-label=\"En savoir plus sur HOME FR\">Lire la suite<\/a><\/p>\n","protected":false},"author":1,"featured_media":0,"parent":0,"menu_order":0,"comment_status":"closed","ping_status":"closed","template":"elementor_header_footer","meta":{"footnotes":""},"_links":{"self":[{"href":"https:\/\/andaramonte.pt\/fr\/wp-json\/wp\/v2\/pages\/17398"}],"collection":[{"href":"https:\/\/andaramonte.pt\/fr\/wp-json\/wp\/v2\/pages"}],"about":[{"href":"https:\/\/andaramonte.pt\/fr\/wp-json\/wp\/v2\/types\/page"}],"author":[{"embeddable":true,"href":"https:\/\/andaramonte.pt\/fr\/wp-json\/wp\/v2\/users\/1"}],"replies":[{"embeddable":true,"href":"https:\/\/andaramonte.pt\/fr\/wp-json\/wp\/v2\/comments?post=17398"}],"version-history":[{"count":56,"href":"https:\/\/andaramonte.pt\/fr\/wp-json\/wp\/v2\/pages\/17398\/revisions"}],"predecessor-version":[{"id":18587,"href":"https:\/\/andaramonte.pt\/fr\/wp-json\/wp\/v2\/pages\/17398\/revisions\/18587"}],"wp:attachment":[{"href":"https:\/\/andaramonte.pt\/fr\/wp-json\/wp\/v2\/media?parent=17398"}],"curies":[{"name":"wp","href":"https:\/\/api.w.org\/{rel}","templated":true}]}}